{"id":365,"date":"2019-06-21T10:27:19","date_gmt":"2019-06-21T08:27:19","guid":{"rendered":"http:\/\/www.visit-stari-grad.com\/?page_id=365"},"modified":"2026-03-11T20:34:26","modified_gmt":"2026-03-11T19:34:26","slug":"prijava-boravka","status":"publish","type":"page","link":"https:\/\/www.visit-stari-grad.com\/hr\/bitno-je-znati\/prijava-boravka\/","title":{"rendered":"Prijava boravka"},"content":{"rendered":"\t\t<div data-elementor-type=\"wp-post\" data-elementor-id=\"365\" class=\"elementor elementor-365\" data-elementor-post-type=\"page\">\n\t\t\t\t\t\t<section class=\"elementor-section elementor-top-section elementor-element elementor-element-790d4b39 elementor-section-stretched elementor-section-boxed elementor-section-height-default elementor-section-height-default\" data-id=\"790d4b39\" data-element_type=\"section\" data-e-type=\"section\" data-settings=\"{&quot;stretch_section&quot;:&quot;section-stretched&quot;,&quot;background_background&quot;:&quot;classic&quot;}\">\n\t\t\t\t\t\t\t<div class=\"elementor-background-overlay\"><\/div>\n\t\t\t\t\t\t\t<div class=\"elementor-container elementor-column-gap-default\">\n\t\t\t\t\t<div class=\"elementor-column elementor-col-100 elementor-top-column elementor-element elementor-element-34d098d0 elementor-invisible\" data-id=\"34d098d0\" data-element_type=\"column\" data-e-type=\"column\" data-settings=\"{&quot;background_background&quot;:&quot;classic&quot;,&quot;animation&quot;:&quot;fadeInLeft&quot;,&quot;animation_delay&quot;:&quot;300&quot;}\">\n\t\t\t<div class=\"elementor-widget-wrap elementor-element-populated\">\n\t\t\t\t\t<div class=\"elementor-background-overlay\"><\/div>\n\t\t\t\t\t\t<div class=\"elementor-element elementor-element-359c81f7 elementor-invisible elementor-widget elementor-widget-heading\" data-id=\"359c81f7\" data-element_type=\"widget\" data-e-type=\"widget\" data-settings=\"{&quot;_animation&quot;:&quot;fadeInLeft&quot;,&quot;_animation_delay&quot;:&quot;700&quot;}\" data-widget_type=\"heading.default\">\n\t\t\t\t<div class=\"elementor-widget-container\">\n\t\t\t\t\t<h1 class=\"elementor-heading-title elementor-size-default\">Prijava boravka<\/h1>\t\t\t\t<\/div>\n\t\t\t\t<\/div>\n\t\t\t\t\t<\/div>\n\t\t<\/div>\n\t\t\t\t\t<\/div>\n\t\t<\/section>\n\t\t\t\t<section class=\"elementor-section elementor-top-section elementor-element elementor-element-3494e72 elementor-section-boxed elementor-section-height-default elementor-section-height-default\" data-id=\"3494e72\" data-element_type=\"section\" data-e-type=\"section\">\n\t\t\t\t\t\t<div class=\"elementor-container elementor-column-gap-default\">\n\t\t\t\t\t<div class=\"elementor-column elementor-col-100 elementor-top-column elementor-element elementor-element-e313ba6\" data-id=\"e313ba6\" data-element_type=\"column\" data-e-type=\"column\">\n\t\t\t<div class=\"elementor-widget-wrap elementor-element-populated\">\n\t\t\t\t\t\t<div class=\"elementor-element elementor-element-bae2261 elementor-widget elementor-widget-text-editor\" data-id=\"bae2261\" data-element_type=\"widget\" data-e-type=\"widget\" data-widget_type=\"text-editor.default\">\n\t\t\t\t<div class=\"elementor-widget-container\">\n\t\t\t\t\t\t\t\t\t<p><strong>Vlasnici ku\u0107a ili stanova za odmor na podru\u010dju grada Starog Grada, Rudina, Vrbanja, Dola, Basine, Selci du\u017eni su se prijaviti u Turisti\u010dkoj zajednici grada Staroga Grada te platiti boravi\u0161nu pristojbu za vrijeme boravka u ku\u0107i ili stanu za odmor.<\/strong><\/p>\t\t\t\t\t\t\t\t<\/div>\n\t\t\t\t<\/div>\n\t\t\t\t<section class=\"elementor-section elementor-inner-section elementor-element elementor-element-8a5d38b elementor-section-boxed elementor-section-height-default elementor-section-height-default\" data-id=\"8a5d38b\" data-element_type=\"section\" data-e-type=\"section\">\n\t\t\t\t\t\t<div class=\"elementor-container elementor-column-gap-default\">\n\t\t\t\t\t<div class=\"elementor-column elementor-col-50 elementor-inner-column elementor-element elementor-element-89bdb08\" data-id=\"89bdb08\" data-element_type=\"column\" data-e-type=\"column\">\n\t\t\t<div class=\"elementor-widget-wrap elementor-element-populated\">\n\t\t\t\t\t\t<div class=\"elementor-element elementor-element-6a29311 elementor-widget elementor-widget-text-editor\" data-id=\"6a29311\" data-element_type=\"widget\" data-e-type=\"widget\" data-widget_type=\"text-editor.default\">\n\t\t\t\t<div class=\"elementor-widget-container\">\n\t\t\t\t\t\t\t\t\t<p><em>Trebaju li vlasnici ku\u0107a ili stanova za odmor, a koji pla\u0107aju pau\u0161al za vlasnike ku\u0107a ili stanova za odmor,\u00a0 prijaviti boravak u Turisti\u010dkoj zajednici?<\/em><\/p><p>Vlasnik ku\u0107e ili stana za odmor obvezan je u roku od 24 sata po dolasku prijaviti svoj boravak u Turisti\u010dkoj zajednici i boravak svih osoba u toj ku\u0107i ili stanu te zadnjeg dana boravka odjaviti boravak.<\/p><p><em>Koliko iznosi pau\u0161al za vlasnike ku\u0107a ili stanova za odmor?<\/em><\/p><p>Pau\u0161al za vlasnike ku\u0107a ili stanova za odmor u Starome Gradu iznosi:<br \/>\u2022 za prve dvije osobe 22 eur po osobi<br \/>\u2022 za svaku sljede\u0107u 13.27 eur po osobi.<\/p><p>Prilikom prijave boravka u Turisti\u010dkoj zajednici potrebno je donijeti putovnicu ili osobnu iskaznicu svih \u010dlanova u\u017ee obitelji koji prijavljuju boravak u ku\u0107i ili stanu.<\/p>\t\t\t\t\t\t\t\t<\/div>\n\t\t\t\t<\/div>\n\t\t\t\t\t<\/div>\n\t\t<\/div>\n\t\t\t\t<div class=\"elementor-column elementor-col-50 elementor-inner-column elementor-element elementor-element-e71c84c\" data-id=\"e71c84c\" data-element_type=\"column\" data-e-type=\"column\">\n\t\t\t<div class=\"elementor-widget-wrap elementor-element-populated\">\n\t\t\t\t\t\t\t<\/div>\n\t\t<\/div>\n\t\t\t\t\t<\/div>\n\t\t<\/section>\n\t\t\t\t\t<\/div>\n\t\t<\/div>\n\t\t\t\t\t<\/div>\n\t\t<\/section>\n\t\t\t\t<\/div>\n\t\t","protected":false},"excerpt":{"rendered":"<p>Prijava boravka Vlasnici ku\u0107a ili stanova za odmor na podru\u010dju grada Starog Grada, Rudina, Vrbanja, Dola, Basine, Selci du\u017eni su se prijaviti u Turisti\u010dkoj zajednici grada Staroga Grada te platiti boravi\u0161nu pristojbu za vrijeme boravka u ku\u0107i ili stanu za odmor. Trebaju li vlasnici ku\u0107a ili stanova za odmor, a koji pla\u0107aju pau\u0161al za vlasnike [&hellip;]<\/p>\n","protected":false},"author":1,"featured_media":0,"parent":488,"menu_order":0,"comment_status":"closed","ping_status":"closed","template":"","meta":{"site-sidebar-layout":"no-sidebar","site-content-layout":"page-builder","ast-site-content-layout":"default","site-content-style":"default","site-sidebar-style":"default","ast-global-header-display":"","ast-banner-title-visibility":"","ast-main-header-display":"","ast-hfb-above-header-display":"","ast-hfb-below-header-display":"","ast-hfb-mobile-header-display":"","site-post-title":"disabled","ast-breadcrumbs-content":"","ast-featured-img":"disabled","footer-sml-layout":"","ast-disable-related-posts":"","theme-transparent-header-meta":"default","adv-header-id-meta":"","stick-header-meta":"default","header-above-stick-meta":"","header-main-stick-meta":"","header-below-stick-meta":"","astra-migrate-meta-layouts":"default","ast-page-background-enabled":"default","ast-page-background-meta":{"desktop":{"background-color":"","background-image":"","background-repeat":"repeat","background-position":"center center","background-size":"auto","background-attachment":"scroll","background-type":"","background-media":"","overlay-type":"","overlay-color":"","overlay-opacity":"","overlay-gradient":""},"tablet":{"background-color":"","background-image":"","background-repeat":"repeat","background-position":"center center","background-size":"auto","background-attachment":"scroll","background-type":"","background-media":"","overlay-type":"","overlay-color":"","overlay-opacity":"","overlay-gradient":""},"mobile":{"background-color":"","background-image":"","background-repeat":"repeat","background-position":"center center","background-size":"auto","background-attachment":"scroll","background-type":"","background-media":"","overlay-type":"","overlay-color":"","overlay-opacity":"","overlay-gradient":""}},"ast-content-background-meta":{"desktop":{"background-color":"var(--ast-global-color-5)","background-image":"","background-repeat":"repeat","background-position":"center center","background-size":"auto","background-attachment":"scroll","background-type":"","background-media":"","overlay-type":"","overlay-color":"","overlay-opacity":"","overlay-gradient":""},"tablet":{"background-color":"var(--ast-global-color-5)","background-image":"","background-repeat":"repeat","background-position":"center center","background-size":"auto","background-attachment":"scroll","background-type":"","background-media":"","overlay-type":"","overlay-color":"","overlay-opacity":"","overlay-gradient":""},"mobile":{"background-color":"var(--ast-global-color-5)","background-image":"","background-repeat":"repeat","background-position":"center center","background-size":"auto","background-attachment":"scroll","background-type":"","background-media":"","overlay-type":"","overlay-color":"","overlay-opacity":"","overlay-gradient":""}},"footnotes":""},"class_list":["post-365","page","type-page","status-publish","hentry"],"yoast_head":"<!-- This site is optimized with the Yoast SEO plugin v27.5 - https:\/\/yoast.com\/product\/yoast-seo-wordpress\/ -->\n<title>Prijava boravka - TZ Stari Grad Otok Hvar<\/title>\n<meta name=\"robots\" content=\"index, follow, max-snippet:-1, max-image-preview:large, max-video-preview:-1\" \/>\n<link rel=\"canonical\" href=\"https:\/\/www.visit-stari-grad.com\/hr\/bitno-je-znati\/prijava-boravka\/\" \/>\n<meta property=\"og:locale\" content=\"hr_HR\" \/>\n<meta property=\"og:type\" content=\"article\" \/>\n<meta property=\"og:title\" content=\"Prijava boravka - TZ Stari Grad Otok Hvar\" \/>\n<meta property=\"og:description\" content=\"Prijava boravka Vlasnici ku\u0107a ili stanova za odmor na podru\u010dju grada Starog Grada, Rudina, Vrbanja, Dola, Basine, Selci du\u017eni su se prijaviti u Turisti\u010dkoj zajednici grada Staroga Grada te platiti boravi\u0161nu pristojbu za vrijeme boravka u ku\u0107i ili stanu za odmor. Trebaju li vlasnici ku\u0107a ili stanova za odmor, a koji pla\u0107aju pau\u0161al za vlasnike [&hellip;]\" \/>\n<meta property=\"og:url\" content=\"https:\/\/www.visit-stari-grad.com\/hr\/bitno-je-znati\/prijava-boravka\/\" \/>\n<meta property=\"og:site_name\" content=\"TZ Stari Grad Otok Hvar\" \/>\n<meta property=\"article:modified_time\" content=\"2026-03-11T19:34:26+00:00\" \/>\n<meta name=\"twitter:card\" content=\"summary_large_image\" \/>\n<meta name=\"twitter:label1\" content=\"Procijenjeno vrijeme \u010ditanja\" \/>\n\t<meta name=\"twitter:data1\" content=\"1 minuta\" \/>\n<script type=\"application\/ld+json\" class=\"yoast-schema-graph\">{\"@context\":\"https:\\\/\\\/schema.org\",\"@graph\":[{\"@type\":\"WebPage\",\"@id\":\"https:\\\/\\\/www.visit-stari-grad.com\\\/hr\\\/bitno-je-znati\\\/prijava-boravka\\\/\",\"url\":\"https:\\\/\\\/www.visit-stari-grad.com\\\/hr\\\/bitno-je-znati\\\/prijava-boravka\\\/\",\"name\":\"Prijava boravka - TZ Stari Grad Otok Hvar\",\"isPartOf\":{\"@id\":\"https:\\\/\\\/www.visit-stari-grad.com\\\/hr\\\/#website\"},\"datePublished\":\"2019-06-21T08:27:19+00:00\",\"dateModified\":\"2026-03-11T19:34:26+00:00\",\"breadcrumb\":{\"@id\":\"https:\\\/\\\/www.visit-stari-grad.com\\\/hr\\\/bitno-je-znati\\\/prijava-boravka\\\/#breadcrumb\"},\"inLanguage\":\"hr\",\"potentialAction\":[{\"@type\":\"ReadAction\",\"target\":[\"https:\\\/\\\/www.visit-stari-grad.com\\\/hr\\\/bitno-je-znati\\\/prijava-boravka\\\/\"]}]},{\"@type\":\"BreadcrumbList\",\"@id\":\"https:\\\/\\\/www.visit-stari-grad.com\\\/hr\\\/bitno-je-znati\\\/prijava-boravka\\\/#breadcrumb\",\"itemListElement\":[{\"@type\":\"ListItem\",\"position\":1,\"name\":\"Po\u010detna stranica\",\"item\":\"https:\\\/\\\/www.visit-stari-grad.com\\\/hr\\\/\"},{\"@type\":\"ListItem\",\"position\":2,\"name\":\"Bitno je znati\",\"item\":\"https:\\\/\\\/www.visit-stari-grad.com\\\/hr\\\/bitno-je-znati\\\/\"},{\"@type\":\"ListItem\",\"position\":3,\"name\":\"Prijava boravka\"}]},{\"@type\":\"WebSite\",\"@id\":\"https:\\\/\\\/www.visit-stari-grad.com\\\/hr\\\/#website\",\"url\":\"https:\\\/\\\/www.visit-stari-grad.com\\\/hr\\\/\",\"name\":\"TZ Stari Grad Otok Hvar\",\"description\":\"Dobrodo\u0161li na slu\u017ebenu web stranicu Turisti\u010dke zajednice Grada Starog Grad-a na kojoj mo\u017eete prona\u0107i sve informacije za va\u0161 savr\u0161en odmor na otoku Hvaru.\",\"publisher\":{\"@id\":\"https:\\\/\\\/www.visit-stari-grad.com\\\/hr\\\/#organization\"},\"potentialAction\":[{\"@type\":\"SearchAction\",\"target\":{\"@type\":\"EntryPoint\",\"urlTemplate\":\"https:\\\/\\\/www.visit-stari-grad.com\\\/hr\\\/?s={search_term_string}\"},\"query-input\":{\"@type\":\"PropertyValueSpecification\",\"valueRequired\":true,\"valueName\":\"search_term_string\"}}],\"inLanguage\":\"hr\"},{\"@type\":\"Organization\",\"@id\":\"https:\\\/\\\/www.visit-stari-grad.com\\\/hr\\\/#organization\",\"name\":\"Turisti\u010dka zajednica grada Staroga Grada\",\"url\":\"https:\\\/\\\/www.visit-stari-grad.com\\\/hr\\\/\",\"logo\":{\"@type\":\"ImageObject\",\"inLanguage\":\"hr\",\"@id\":\"https:\\\/\\\/www.visit-stari-grad.com\\\/hr\\\/#\\\/schema\\\/logo\\\/image\\\/\",\"url\":\"https:\\\/\\\/www.visit-stari-grad.com\\\/wp-content\\\/uploads\\\/2019\\\/05\\\/logo_TZ_Stari_Grad_w.png\",\"contentUrl\":\"https:\\\/\\\/www.visit-stari-grad.com\\\/wp-content\\\/uploads\\\/2019\\\/05\\\/logo_TZ_Stari_Grad_w.png\",\"width\":256,\"height\":72,\"caption\":\"Turisti\u010dka zajednica grada Staroga Grada\"},\"image\":{\"@id\":\"https:\\\/\\\/www.visit-stari-grad.com\\\/hr\\\/#\\\/schema\\\/logo\\\/image\\\/\"}}]}<\/script>\n<!-- \/ Yoast SEO plugin. -->","yoast_head_json":{"title":"Prijava boravka - TZ Stari Grad Otok Hvar","robots":{"index":"index","follow":"follow","max-snippet":"max-snippet:-1","max-image-preview":"max-image-preview:large","max-video-preview":"max-video-preview:-1"},"canonical":"https:\/\/www.visit-stari-grad.com\/hr\/bitno-je-znati\/prijava-boravka\/","og_locale":"hr_HR","og_type":"article","og_title":"Prijava boravka - TZ Stari Grad Otok Hvar","og_description":"Prijava boravka Vlasnici ku\u0107a ili stanova za odmor na podru\u010dju grada Starog Grada, Rudina, Vrbanja, Dola, Basine, Selci du\u017eni su se prijaviti u Turisti\u010dkoj zajednici grada Staroga Grada te platiti boravi\u0161nu pristojbu za vrijeme boravka u ku\u0107i ili stanu za odmor. Trebaju li vlasnici ku\u0107a ili stanova za odmor, a koji pla\u0107aju pau\u0161al za vlasnike [&hellip;]","og_url":"https:\/\/www.visit-stari-grad.com\/hr\/bitno-je-znati\/prijava-boravka\/","og_site_name":"TZ Stari Grad Otok Hvar","article_modified_time":"2026-03-11T19:34:26+00:00","twitter_card":"summary_large_image","twitter_misc":{"Procijenjeno vrijeme \u010ditanja":"1 minuta"},"schema":{"@context":"https:\/\/schema.org","@graph":[{"@type":"WebPage","@id":"https:\/\/www.visit-stari-grad.com\/hr\/bitno-je-znati\/prijava-boravka\/","url":"https:\/\/www.visit-stari-grad.com\/hr\/bitno-je-znati\/prijava-boravka\/","name":"Prijava boravka - TZ Stari Grad Otok Hvar","isPartOf":{"@id":"https:\/\/www.visit-stari-grad.com\/hr\/#website"},"datePublished":"2019-06-21T08:27:19+00:00","dateModified":"2026-03-11T19:34:26+00:00","breadcrumb":{"@id":"https:\/\/www.visit-stari-grad.com\/hr\/bitno-je-znati\/prijava-boravka\/#breadcrumb"},"inLanguage":"hr","potentialAction":[{"@type":"ReadAction","target":["https:\/\/www.visit-stari-grad.com\/hr\/bitno-je-znati\/prijava-boravka\/"]}]},{"@type":"BreadcrumbList","@id":"https:\/\/www.visit-stari-grad.com\/hr\/bitno-je-znati\/prijava-boravka\/#breadcrumb","itemListElement":[{"@type":"ListItem","position":1,"name":"Po\u010detna stranica","item":"https:\/\/www.visit-stari-grad.com\/hr\/"},{"@type":"ListItem","position":2,"name":"Bitno je znati","item":"https:\/\/www.visit-stari-grad.com\/hr\/bitno-je-znati\/"},{"@type":"ListItem","position":3,"name":"Prijava boravka"}]},{"@type":"WebSite","@id":"https:\/\/www.visit-stari-grad.com\/hr\/#website","url":"https:\/\/www.visit-stari-grad.com\/hr\/","name":"TZ Stari Grad Otok Hvar","description":"Dobrodo\u0161li na slu\u017ebenu web stranicu Turisti\u010dke zajednice Grada Starog Grad-a na kojoj mo\u017eete prona\u0107i sve informacije za va\u0161 savr\u0161en odmor na otoku Hvaru.","publisher":{"@id":"https:\/\/www.visit-stari-grad.com\/hr\/#organization"},"potentialAction":[{"@type":"SearchAction","target":{"@type":"EntryPoint","urlTemplate":"https:\/\/www.visit-stari-grad.com\/hr\/?s={search_term_string}"},"query-input":{"@type":"PropertyValueSpecification","valueRequired":true,"valueName":"search_term_string"}}],"inLanguage":"hr"},{"@type":"Organization","@id":"https:\/\/www.visit-stari-grad.com\/hr\/#organization","name":"Turisti\u010dka zajednica grada Staroga Grada","url":"https:\/\/www.visit-stari-grad.com\/hr\/","logo":{"@type":"ImageObject","inLanguage":"hr","@id":"https:\/\/www.visit-stari-grad.com\/hr\/#\/schema\/logo\/image\/","url":"https:\/\/www.visit-stari-grad.com\/wp-content\/uploads\/2019\/05\/logo_TZ_Stari_Grad_w.png","contentUrl":"https:\/\/www.visit-stari-grad.com\/wp-content\/uploads\/2019\/05\/logo_TZ_Stari_Grad_w.png","width":256,"height":72,"caption":"Turisti\u010dka zajednica grada Staroga Grada"},"image":{"@id":"https:\/\/www.visit-stari-grad.com\/hr\/#\/schema\/logo\/image\/"}}]}},"_links":{"self":[{"href":"https:\/\/www.visit-stari-grad.com\/hr\/wp-json\/wp\/v2\/pages\/365","targetHints":{"allow":["GET"]}}],"collection":[{"href":"https:\/\/www.visit-stari-grad.com\/hr\/wp-json\/wp\/v2\/pages"}],"about":[{"href":"https:\/\/www.visit-stari-grad.com\/hr\/wp-json\/wp\/v2\/types\/page"}],"author":[{"embeddable":true,"href":"https:\/\/www.visit-stari-grad.com\/hr\/wp-json\/wp\/v2\/users\/1"}],"replies":[{"embeddable":true,"href":"https:\/\/www.visit-stari-grad.com\/hr\/wp-json\/wp\/v2\/comments?post=365"}],"version-history":[{"count":3,"href":"https:\/\/www.visit-stari-grad.com\/hr\/wp-json\/wp\/v2\/pages\/365\/revisions"}],"predecessor-version":[{"id":17607,"href":"https:\/\/www.visit-stari-grad.com\/hr\/wp-json\/wp\/v2\/pages\/365\/revisions\/17607"}],"up":[{"embeddable":true,"href":"https:\/\/www.visit-stari-grad.com\/hr\/wp-json\/wp\/v2\/pages\/488"}],"wp:attachment":[{"href":"https:\/\/www.visit-stari-grad.com\/hr\/wp-json\/wp\/v2\/media?parent=365"}],"curies":[{"name":"wp","href":"https:\/\/api.w.org\/{rel}","templated":true}]}}