{"id":3876,"date":"2019-11-06T17:52:17","date_gmt":"2019-11-06T16:52:17","guid":{"rendered":"https:\/\/www.visit-stari-grad.com\/?page_id=3876"},"modified":"2020-03-18T19:51:27","modified_gmt":"2020-03-18T18:51:27","slug":"mali-grad-faros-2","status":"publish","type":"page","link":"https:\/\/www.visit-stari-grad.com\/hr\/sto-ciniti\/aktivnosti-za-djecu\/mali-grad-faros-2\/","title":{"rendered":"Mali grad Faros"},"content":{"rendered":"\t\t<div data-elementor-type=\"wp-page\" data-elementor-id=\"3876\" class=\"elementor elementor-3876\" data-elementor-post-type=\"page\">\n\t\t\t\t\t\t<section class=\"elementor-section elementor-top-section elementor-element elementor-element-6bb7da28 elementor-section-stretched elementor-section-boxed elementor-section-height-default elementor-section-height-default\" data-id=\"6bb7da28\" data-element_type=\"section\" data-e-type=\"section\" data-settings=\"{&quot;stretch_section&quot;:&quot;section-stretched&quot;,&quot;background_background&quot;:&quot;classic&quot;}\">\n\t\t\t\t\t\t\t<div class=\"elementor-background-overlay\"><\/div>\n\t\t\t\t\t\t\t<div class=\"elementor-container elementor-column-gap-default\">\n\t\t\t\t\t<div class=\"elementor-column elementor-col-100 elementor-top-column elementor-element elementor-element-4d5ecf01 elementor-invisible\" data-id=\"4d5ecf01\" data-element_type=\"column\" data-e-type=\"column\" data-settings=\"{&quot;background_background&quot;:&quot;classic&quot;,&quot;animation&quot;:&quot;fadeInLeft&quot;,&quot;animation_delay&quot;:&quot;300&quot;}\">\n\t\t\t<div class=\"elementor-widget-wrap elementor-element-populated\">\n\t\t\t\t\t<div class=\"elementor-background-overlay\"><\/div>\n\t\t\t\t\t\t<div class=\"elementor-element elementor-element-2e0bf0fc elementor-invisible elementor-widget elementor-widget-heading\" data-id=\"2e0bf0fc\" data-element_type=\"widget\" data-e-type=\"widget\" data-settings=\"{&quot;_animation&quot;:&quot;fadeInLeft&quot;,&quot;_animation_delay&quot;:&quot;700&quot;}\" data-widget_type=\"heading.default\">\n\t\t\t\t<div class=\"elementor-widget-container\">\n\t\t\t\t\t<h1 class=\"elementor-heading-title elementor-size-default\">Mali Grad Faros<\/h1>\t\t\t\t<\/div>\n\t\t\t\t<\/div>\n\t\t\t\t\t<\/div>\n\t\t<\/div>\n\t\t\t\t\t<\/div>\n\t\t<\/section>\n\t\t\t\t<section class=\"elementor-section elementor-top-section elementor-element elementor-element-276d484a elementor-section-boxed elementor-section-height-default elementor-section-height-default\" data-id=\"276d484a\" data-element_type=\"section\" data-e-type=\"section\">\n\t\t\t\t\t\t<div class=\"elementor-container elementor-column-gap-default\">\n\t\t\t\t\t<div class=\"elementor-column elementor-col-100 elementor-top-column elementor-element elementor-element-173a0d00\" data-id=\"173a0d00\" data-element_type=\"column\" data-e-type=\"column\">\n\t\t\t<div class=\"elementor-widget-wrap elementor-element-populated\">\n\t\t\t\t\t\t<section class=\"elementor-section elementor-inner-section elementor-element elementor-element-2a942457 elementor-section-content-top elementor-section-boxed elementor-section-height-default elementor-section-height-default\" data-id=\"2a942457\" data-element_type=\"section\" data-e-type=\"section\">\n\t\t\t\t\t\t<div class=\"elementor-container elementor-column-gap-default\">\n\t\t\t\t\t<div class=\"elementor-column elementor-col-66 elementor-inner-column elementor-element elementor-element-34d7aa68\" data-id=\"34d7aa68\" data-element_type=\"column\" data-e-type=\"column\">\n\t\t\t<div class=\"elementor-widget-wrap elementor-element-populated\">\n\t\t\t\t\t\t<div class=\"elementor-element elementor-element-7aef45c1 elementor-widget elementor-widget-text-editor\" data-id=\"7aef45c1\" data-element_type=\"widget\" data-e-type=\"widget\" data-widget_type=\"text-editor.default\">\n\t\t\t\t<div class=\"elementor-widget-container\">\n\t\t\t\t\t\t\t\t\t<p><strong>Mali grad Faros<\/strong> ljetni je <strong>dje\u010dji festival<\/strong> u okviru kojeg djeca mogu u\u017eivati u kreativnim radionicama koje vodi i organizira na\u0161 popularni glumac Kristijan Kiki Ugrina.<\/p><p>Ljubav prema Starom Gradu i djeci Kiki je objedinio u Festivalu koji godinama njeguje i poti\u010de dje\u010dju ma\u0161tu i kreativnost. Sadr\u017eaj radionica svakog je ljeta sve bogatiji i sadr\u017eajniji, na radost brojnih polaznika koji rado sunce i more zamijene dru\u017eenjem, stvarala\u0161tvom i veseljem, glavnim odlikama koje krase ovaj mali-veliki Festival.<\/p><p>Na kraju svakog Festivala imamo vrlo konkretan i opipljiv trag onoga \u0161to je dje\u010dja ma\u0161ta zamislila, a dje\u010dja ruka napravila: tiskaju se slikovnice, izvode predstave, emitiraju crti\u0107i\u2026<\/p><p>Pridru\u017eite nam se zato ve\u0107 ovog ljeta i postanite veselim stanovnikom najkreativnijeg Malog grada Farosa!<\/p><p><a href=\"http:\/\/www.maligrad.hr\/\">http:\/\/www.maligrad.hr\/<\/a><\/p>\t\t\t\t\t\t\t\t<\/div>\n\t\t\t\t<\/div>\n\t\t\t\t\t<\/div>\n\t\t<\/div>\n\t\t\t\t<div class=\"elementor-column elementor-col-33 elementor-inner-column elementor-element elementor-element-56d8a088\" data-id=\"56d8a088\" data-element_type=\"column\" data-e-type=\"column\">\n\t\t\t<div class=\"elementor-widget-wrap elementor-element-populated\">\n\t\t\t\t\t\t<div class=\"elementor-element elementor-element-33afa328 elementor-cta--valign-middle elementor-cta--skin-classic elementor-animated-content elementor-bg-transform elementor-bg-transform-zoom-in elementor-widget elementor-widget-call-to-action\" data-id=\"33afa328\" data-element_type=\"widget\" data-e-type=\"widget\" data-widget_type=\"call-to-action.default\">\n\t\t\t\t<div class=\"elementor-widget-container\">\n\t\t\t\t\t\t\t<a class=\"elementor-cta\" href=\"https:\/\/www.google.com\/maps\/place\/Muzej+Staroga+Grada\/@43.1828721,16.5954602,15z\/data=!4m2!3m1!1s0x0:0x3226014d1a3bc6f0?sa=X&#038;ved=2ahUKEwiLstTGiKbjAhV15KYKHU0VB8YQ_BIwCnoECA8QCA\">\n\t\t\t\t\t\t\t<div class=\"elementor-cta__content\">\n\t\t\t\t\t\t\t\t\t<div class=\"elementor-content-item elementor-cta__content-item elementor-icon-wrapper elementor-cta__icon elementor-view-default\">\n\t\t\t\t\t\t<div class=\"elementor-icon\">\n\t\t\t\t\t\t\t\t\t\t\t\t\t\t\t<i class=\"fa fa-map-marker\"><\/i>\n\t\t\t\t\t\t\t\t\t\t\t\t\t<\/div>\n\t\t\t\t\t<\/div>\n\t\t\t\t\n\t\t\t\t\t\t\t\t\t<h2 class=\"elementor-cta__title elementor-cta__content-item elementor-content-item\">\n\t\t\t\t\t\tPRIKA\u017dI NA KARTI\t\t\t\t\t<\/h2>\n\t\t\t\t\n\t\t\t\t\n\t\t\t\t\t\t\t<\/div>\n\t\t\t\t\t\t<\/a>\n\t\t\t\t\t\t<\/div>\n\t\t\t\t<\/div>\n\t\t\t\t\t<\/div>\n\t\t<\/div>\n\t\t\t\t\t<\/div>\n\t\t<\/section>\n\t\t\t\t\t<\/div>\n\t\t<\/div>\n\t\t\t\t\t<\/div>\n\t\t<\/section>\n\t\t\t\t<section class=\"elementor-section elementor-top-section elementor-element elementor-element-742daea6 elementor-section-full_width elementor-section-height-default elementor-section-height-default\" data-id=\"742daea6\" data-element_type=\"section\" data-e-type=\"section\">\n\t\t\t\t\t\t<div class=\"elementor-container elementor-column-gap-no\">\n\t\t\t\t\t<div class=\"elementor-column elementor-col-100 elementor-top-column elementor-element elementor-element-2c54d27d\" data-id=\"2c54d27d\" data-element_type=\"column\" data-e-type=\"column\">\n\t\t\t<div class=\"elementor-widget-wrap elementor-element-populated\">\n\t\t\t\t\t\t<div class=\"elementor-element elementor-element-77bc4345 elementor-arrows-position-inside elementor-widget elementor-widget-image-carousel\" data-id=\"77bc4345\" data-element_type=\"widget\" data-e-type=\"widget\" data-settings=\"{&quot;slides_to_show&quot;:&quot;3&quot;,&quot;slides_to_scroll&quot;:&quot;1&quot;,&quot;navigation&quot;:&quot;arrows&quot;,&quot;autoplay_speed&quot;:3500,&quot;autoplay&quot;:&quot;yes&quot;,&quot;pause_on_hover&quot;:&quot;yes&quot;,&quot;pause_on_interaction&quot;:&quot;yes&quot;,&quot;infinite&quot;:&quot;yes&quot;,&quot;speed&quot;:500}\" data-widget_type=\"image-carousel.default\">\n\t\t\t\t<div class=\"elementor-widget-container\">\n\t\t\t\t\t\t\t<div class=\"elementor-image-carousel-wrapper swiper\" role=\"region\" aria-roledescription=\"carousel\" aria-label=\"Vrtuljak slika\" dir=\"rtl\">\n\t\t\t<div class=\"elementor-image-carousel swiper-wrapper\" aria-live=\"off\">\n\t\t\t\t\t\t\t\t<div class=\"swiper-slide\" role=\"group\" aria-roledescription=\"slide\" aria-label=\"1 od 5\"><a data-elementor-open-lightbox=\"yes\" data-elementor-lightbox-slideshow=\"77bc4345\" data-elementor-lightbox-title=\"festivali2019-12\" data-e-action-hash=\"#elementor-action%3Aaction%3Dlightbox%26settings%3DeyJpZCI6NDcwNiwidXJsIjoiaHR0cHM6XC9cL3d3dy52aXNpdC1zdGFyaS1ncmFkLmNvbVwvd3AtY29udGVudFwvdXBsb2Fkc1wvMjAyMFwvMDJcL2Zlc3RpdmFsaTIwMTktMTIuanBnIiwic2xpZGVzaG93IjoiNzdiYzQzNDUifQ%3D%3D\" href=\"https:\/\/www.visit-stari-grad.com\/wp-content\/uploads\/2020\/02\/festivali2019-12.jpg\"><figure class=\"swiper-slide-inner\"><img decoding=\"async\" class=\"swiper-slide-image\" src=\"https:\/\/www.visit-stari-grad.com\/wp-content\/uploads\/elementor\/thumbs\/festivali2019-12-omwnp6m6k0l2ogtezvenuo6fw4xt28cgo7e26r7ctc.jpg\" alt=\"festivali2019-12\" \/><\/figure><\/a><\/div><div class=\"swiper-slide\" role=\"group\" aria-roledescription=\"slide\" aria-label=\"2 od 5\"><a data-elementor-open-lightbox=\"yes\" data-elementor-lightbox-slideshow=\"77bc4345\" data-elementor-lightbox-title=\"festivali2019-11\" data-e-action-hash=\"#elementor-action%3Aaction%3Dlightbox%26settings%3DeyJpZCI6NDcwNSwidXJsIjoiaHR0cHM6XC9cL3d3dy52aXNpdC1zdGFyaS1ncmFkLmNvbVwvd3AtY29udGVudFwvdXBsb2Fkc1wvMjAyMFwvMDJcL2Zlc3RpdmFsaTIwMTktMTEuanBnIiwic2xpZGVzaG93IjoiNzdiYzQzNDUifQ%3D%3D\" href=\"https:\/\/www.visit-stari-grad.com\/wp-content\/uploads\/2020\/02\/festivali2019-11.jpg\"><figure class=\"swiper-slide-inner\"><img decoding=\"async\" class=\"swiper-slide-image\" src=\"https:\/\/www.visit-stari-grad.com\/wp-content\/uploads\/elementor\/thumbs\/festivali2019-11-omwnonterbvc89kq1na4gsx80figsa9txmccl7z89s.jpg\" alt=\"festivali2019-11\" \/><\/figure><\/a><\/div><div class=\"swiper-slide\" role=\"group\" aria-roledescription=\"slide\" aria-label=\"3 od 5\"><a data-elementor-open-lightbox=\"yes\" data-elementor-lightbox-slideshow=\"77bc4345\" data-elementor-lightbox-title=\"festivali2019-04\" data-e-action-hash=\"#elementor-action%3Aaction%3Dlightbox%26settings%3DeyJpZCI6NDcwNCwidXJsIjoiaHR0cHM6XC9cL3d3dy52aXNpdC1zdGFyaS1ncmFkLmNvbVwvd3AtY29udGVudFwvdXBsb2Fkc1wvMjAyMFwvMDJcL2Zlc3RpdmFsaTIwMTktMDQuanBnIiwic2xpZGVzaG93IjoiNzdiYzQzNDUifQ%3D%3D\" href=\"https:\/\/www.visit-stari-grad.com\/wp-content\/uploads\/2020\/02\/festivali2019-04.jpg\"><figure class=\"swiper-slide-inner\"><img decoding=\"async\" class=\"swiper-slide-image\" src=\"https:\/\/www.visit-stari-grad.com\/wp-content\/uploads\/elementor\/thumbs\/festivali2019-04-ol2crvooozuhefxaryhsw4r715jerdythn291pfteo.jpg\" alt=\"festivali2019-04\" \/><\/figure><\/a><\/div><div class=\"swiper-slide\" role=\"group\" aria-roledescription=\"slide\" aria-label=\"4 od 5\"><a data-elementor-open-lightbox=\"yes\" data-elementor-lightbox-slideshow=\"77bc4345\" data-elementor-lightbox-title=\"festivali2019-03\" data-e-action-hash=\"#elementor-action%3Aaction%3Dlightbox%26settings%3DeyJpZCI6NDcwMywidXJsIjoiaHR0cHM6XC9cL3d3dy52aXNpdC1zdGFyaS1ncmFkLmNvbVwvd3AtY29udGVudFwvdXBsb2Fkc1wvMjAyMFwvMDJcL2Zlc3RpdmFsaTIwMTktMDMuanBnIiwic2xpZGVzaG93IjoiNzdiYzQzNDUifQ%3D%3D\" href=\"https:\/\/www.visit-stari-grad.com\/wp-content\/uploads\/2020\/02\/festivali2019-03.jpg\"><figure class=\"swiper-slide-inner\"><img decoding=\"async\" class=\"swiper-slide-image\" src=\"https:\/\/www.visit-stari-grad.com\/wp-content\/uploads\/elementor\/thumbs\/festivali2019-03-omwnnxhxfyvb76mybbwkizkbdn46srdci02r5h2940.jpg\" alt=\"festivali2019-03\" \/><\/figure><\/a><\/div><div class=\"swiper-slide\" role=\"group\" aria-roledescription=\"slide\" aria-label=\"5 od 5\"><a data-elementor-open-lightbox=\"yes\" data-elementor-lightbox-slideshow=\"77bc4345\" data-elementor-lightbox-title=\"VRJ07719\" data-e-action-hash=\"#elementor-action%3Aaction%3Dlightbox%26settings%3DeyJpZCI6NDkwNiwidXJsIjoiaHR0cHM6XC9cL3d3dy52aXNpdC1zdGFyaS1ncmFkLmNvbVwvd3AtY29udGVudFwvdXBsb2Fkc1wvMjAyMFwvMDJcL1ZSSjA3NzE5LmpwZyIsInNsaWRlc2hvdyI6Ijc3YmM0MzQ1In0%3D\" href=\"https:\/\/www.visit-stari-grad.com\/wp-content\/uploads\/2020\/02\/VRJ07719.jpg\"><figure class=\"swiper-slide-inner\"><img decoding=\"async\" class=\"swiper-slide-image\" src=\"https:\/\/www.visit-stari-grad.com\/wp-content\/uploads\/elementor\/thumbs\/VRJ07719-omwt5cjmub4bmtvkj5yqpo4iw02gg83tz4p0qmck9s.jpg\" alt=\"VRJ07719\" \/><\/figure><\/a><\/div>\t\t\t<\/div>\n\t\t\t\t\t\t\t\t\t\t\t\t<div class=\"elementor-swiper-button elementor-swiper-button-prev\" role=\"button\" tabindex=\"0\">\n\t\t\t\t\t\t<i aria-hidden=\"true\" class=\"eicon-chevron-left\"><\/i>\t\t\t\t\t<\/div>\n\t\t\t\t\t<div class=\"elementor-swiper-button elementor-swiper-button-next\" role=\"button\" tabindex=\"0\">\n\t\t\t\t\t\t<i aria-hidden=\"true\" class=\"eicon-chevron-right\"><\/i>\t\t\t\t\t<\/div>\n\t\t\t\t\n\t\t\t\t\t\t\t\t\t<\/div>\n\t\t\t\t\t\t<\/div>\n\t\t\t\t<\/div>\n\t\t\t\t\t<\/div>\n\t\t<\/div>\n\t\t\t\t\t<\/div>\n\t\t<\/section>\n\t\t\t\t<\/div>\n\t\t","protected":false},"excerpt":{"rendered":"<p>Mali Grad Faros Mali grad Faros ljetni je dje\u010dji festival u okviru kojeg djeca mogu u\u017eivati u kreativnim radionicama koje vodi i organizira na\u0161 popularni glumac Kristijan Kiki Ugrina. Ljubav prema Starom Gradu i djeci Kiki je objedinio u Festivalu koji godinama njeguje i poti\u010de dje\u010dju ma\u0161tu i kreativnost. Sadr\u017eaj radionica svakog je ljeta sve [&hellip;]<\/p>\n","protected":false},"author":1,"featured_media":0,"parent":329,"menu_order":0,"comment_status":"closed","ping_status":"closed","template":"","meta":{"site-sidebar-layout":"no-sidebar","site-content-layout":"page-builder","ast-site-content-layout":"default","site-content-style":"default","site-sidebar-style":"default","ast-global-header-display":"","ast-banner-title-visibility":"","ast-main-header-display":"","ast-hfb-above-header-display":"","ast-hfb-below-header-display":"","ast-hfb-mobile-header-display":"","site-post-title":"disabled","ast-breadcrumbs-content":"","ast-featured-img":"disabled","footer-sml-layout":"","ast-disable-related-posts":"","theme-transparent-header-meta":"default","adv-header-id-meta":"","stick-header-meta":"default","header-above-stick-meta":"","header-main-stick-meta":"","header-below-stick-meta":"","astra-migrate-meta-layouts":"default","ast-page-background-enabled":"default","ast-page-background-meta":{"desktop":{"background-color":"","background-image":"","background-repeat":"repeat","background-position":"center center","background-size":"auto","background-attachment":"scroll","background-type":"","background-media":"","overlay-type":"","overlay-color":"","overlay-opacity":"","overlay-gradient":""},"tablet":{"background-color":"","background-image":"","background-repeat":"repeat","background-position":"center center","background-size":"auto","background-attachment":"scroll","background-type":"","background-media":"","overlay-type":"","overlay-color":"","overlay-opacity":"","overlay-gradient":""},"mobile":{"background-color":"","background-image":"","background-repeat":"repeat","background-position":"center center","background-size":"auto","background-attachment":"scroll","background-type":"","background-media":"","overlay-type":"","overlay-color":"","overlay-opacity":"","overlay-gradient":""}},"ast-content-background-meta":{"desktop":{"background-color":"var(--ast-global-color-5)","background-image":"","background-repeat":"repeat","background-position":"center center","background-size":"auto","background-attachment":"scroll","background-type":"","background-media":"","overlay-type":"","overlay-color":"","overlay-opacity":"","overlay-gradient":""},"tablet":{"background-color":"var(--ast-global-color-5)","background-image":"","background-repeat":"repeat","background-position":"center center","background-size":"auto","background-attachment":"scroll","background-type":"","background-media":"","overlay-type":"","overlay-color":"","overlay-opacity":"","overlay-gradient":""},"mobile":{"background-color":"var(--ast-global-color-5)","background-image":"","background-repeat":"repeat","background-position":"center center","background-size":"auto","background-attachment":"scroll","background-type":"","background-media":"","overlay-type":"","overlay-color":"","overlay-opacity":"","overlay-gradient":""}},"footnotes":""},"class_list":["post-3876","page","type-page","status-publish","hentry"],"yoast_head":"<!-- This site is optimized with the Yoast SEO plugin v27.5 - https:\/\/yoast.com\/product\/yoast-seo-wordpress\/ -->\n<title>Mali grad Faros - TZ Stari Grad Otok Hvar<\/title>\n<meta name=\"robots\" content=\"index, follow, max-snippet:-1, max-image-preview:large, max-video-preview:-1\" \/>\n<link rel=\"canonical\" href=\"https:\/\/www.visit-stari-grad.com\/hr\/sto-ciniti\/aktivnosti-za-djecu\/mali-grad-faros-2\/\" \/>\n<meta property=\"og:locale\" content=\"hr_HR\" \/>\n<meta property=\"og:type\" content=\"article\" \/>\n<meta property=\"og:title\" content=\"Mali grad Faros - TZ Stari Grad Otok Hvar\" \/>\n<meta property=\"og:description\" content=\"Mali Grad Faros Mali grad Faros ljetni je dje\u010dji festival u okviru kojeg djeca mogu u\u017eivati u kreativnim radionicama koje vodi i organizira na\u0161 popularni glumac Kristijan Kiki Ugrina. Ljubav prema Starom Gradu i djeci Kiki je objedinio u Festivalu koji godinama njeguje i poti\u010de dje\u010dju ma\u0161tu i kreativnost. Sadr\u017eaj radionica svakog je ljeta sve [&hellip;]\" \/>\n<meta property=\"og:url\" content=\"https:\/\/www.visit-stari-grad.com\/hr\/sto-ciniti\/aktivnosti-za-djecu\/mali-grad-faros-2\/\" \/>\n<meta property=\"og:site_name\" content=\"TZ Stari Grad Otok Hvar\" \/>\n<meta property=\"article:modified_time\" content=\"2020-03-18T18:51:27+00:00\" \/>\n<meta property=\"og:image\" content=\"https:\/\/www.visit-stari-grad.com\/wp-content\/uploads\/elementor\/thumbs\/festivali2019-12-ol2cs0dvn60x0hqh0iixqlki02w8tvhh6abog38ujk.jpg\" \/>\n<meta name=\"twitter:card\" content=\"summary_large_image\" \/>\n<meta name=\"twitter:label1\" content=\"Procijenjeno vrijeme \u010ditanja\" \/>\n\t<meta name=\"twitter:data1\" content=\"1 minuta\" \/>\n<script type=\"application\/ld+json\" class=\"yoast-schema-graph\">{\"@context\":\"https:\\\/\\\/schema.org\",\"@graph\":[{\"@type\":\"WebPage\",\"@id\":\"https:\\\/\\\/www.visit-stari-grad.com\\\/hr\\\/sto-ciniti\\\/aktivnosti-za-djecu\\\/mali-grad-faros-2\\\/\",\"url\":\"https:\\\/\\\/www.visit-stari-grad.com\\\/hr\\\/sto-ciniti\\\/aktivnosti-za-djecu\\\/mali-grad-faros-2\\\/\",\"name\":\"Mali grad Faros - TZ Stari Grad Otok Hvar\",\"isPartOf\":{\"@id\":\"https:\\\/\\\/www.visit-stari-grad.com\\\/hr\\\/#website\"},\"primaryImageOfPage\":{\"@id\":\"https:\\\/\\\/www.visit-stari-grad.com\\\/hr\\\/sto-ciniti\\\/aktivnosti-za-djecu\\\/mali-grad-faros-2\\\/#primaryimage\"},\"image\":{\"@id\":\"https:\\\/\\\/www.visit-stari-grad.com\\\/hr\\\/sto-ciniti\\\/aktivnosti-za-djecu\\\/mali-grad-faros-2\\\/#primaryimage\"},\"thumbnailUrl\":\"https:\\\/\\\/www.visit-stari-grad.com\\\/wp-content\\\/uploads\\\/elementor\\\/thumbs\\\/festivali2019-12-ol2cs0dvn60x0hqh0iixqlki02w8tvhh6abog38ujk.jpg\",\"datePublished\":\"2019-11-06T16:52:17+00:00\",\"dateModified\":\"2020-03-18T18:51:27+00:00\",\"breadcrumb\":{\"@id\":\"https:\\\/\\\/www.visit-stari-grad.com\\\/hr\\\/sto-ciniti\\\/aktivnosti-za-djecu\\\/mali-grad-faros-2\\\/#breadcrumb\"},\"inLanguage\":\"hr\",\"potentialAction\":[{\"@type\":\"ReadAction\",\"target\":[\"https:\\\/\\\/www.visit-stari-grad.com\\\/hr\\\/sto-ciniti\\\/aktivnosti-za-djecu\\\/mali-grad-faros-2\\\/\"]}]},{\"@type\":\"ImageObject\",\"inLanguage\":\"hr\",\"@id\":\"https:\\\/\\\/www.visit-stari-grad.com\\\/hr\\\/sto-ciniti\\\/aktivnosti-za-djecu\\\/mali-grad-faros-2\\\/#primaryimage\",\"url\":\"https:\\\/\\\/www.visit-stari-grad.com\\\/wp-content\\\/uploads\\\/elementor\\\/thumbs\\\/festivali2019-12-ol2cs0dvn60x0hqh0iixqlki02w8tvhh6abog38ujk.jpg\",\"contentUrl\":\"https:\\\/\\\/www.visit-stari-grad.com\\\/wp-content\\\/uploads\\\/elementor\\\/thumbs\\\/festivali2019-12-ol2cs0dvn60x0hqh0iixqlki02w8tvhh6abog38ujk.jpg\"},{\"@type\":\"BreadcrumbList\",\"@id\":\"https:\\\/\\\/www.visit-stari-grad.com\\\/hr\\\/sto-ciniti\\\/aktivnosti-za-djecu\\\/mali-grad-faros-2\\\/#breadcrumb\",\"itemListElement\":[{\"@type\":\"ListItem\",\"position\":1,\"name\":\"Po\u010detna stranica\",\"item\":\"https:\\\/\\\/www.visit-stari-grad.com\\\/hr\\\/\"},{\"@type\":\"ListItem\",\"position\":2,\"name\":\"\u0160to \u010diniti\",\"item\":\"https:\\\/\\\/www.visit-stari-grad.com\\\/hr\\\/sto-ciniti\\\/\"},{\"@type\":\"ListItem\",\"position\":3,\"name\":\"Aktivnosti za djecu\",\"item\":\"https:\\\/\\\/www.visit-stari-grad.com\\\/hr\\\/sto-ciniti\\\/aktivnosti-za-djecu\\\/\"},{\"@type\":\"ListItem\",\"position\":4,\"name\":\"Mali grad Faros\"}]},{\"@type\":\"WebSite\",\"@id\":\"https:\\\/\\\/www.visit-stari-grad.com\\\/hr\\\/#website\",\"url\":\"https:\\\/\\\/www.visit-stari-grad.com\\\/hr\\\/\",\"name\":\"TZ Stari Grad Otok Hvar\",\"description\":\"Dobrodo\u0161li na slu\u017ebenu web stranicu Turisti\u010dke zajednice Grada Starog Grad-a na kojoj mo\u017eete prona\u0107i sve informacije za va\u0161 savr\u0161en odmor na otoku Hvaru.\",\"publisher\":{\"@id\":\"https:\\\/\\\/www.visit-stari-grad.com\\\/hr\\\/#organization\"},\"potentialAction\":[{\"@type\":\"SearchAction\",\"target\":{\"@type\":\"EntryPoint\",\"urlTemplate\":\"https:\\\/\\\/www.visit-stari-grad.com\\\/hr\\\/?s={search_term_string}\"},\"query-input\":{\"@type\":\"PropertyValueSpecification\",\"valueRequired\":true,\"valueName\":\"search_term_string\"}}],\"inLanguage\":\"hr\"},{\"@type\":\"Organization\",\"@id\":\"https:\\\/\\\/www.visit-stari-grad.com\\\/hr\\\/#organization\",\"name\":\"Turisti\u010dka zajednica grada Staroga Grada\",\"url\":\"https:\\\/\\\/www.visit-stari-grad.com\\\/hr\\\/\",\"logo\":{\"@type\":\"ImageObject\",\"inLanguage\":\"hr\",\"@id\":\"https:\\\/\\\/www.visit-stari-grad.com\\\/hr\\\/#\\\/schema\\\/logo\\\/image\\\/\",\"url\":\"https:\\\/\\\/www.visit-stari-grad.com\\\/wp-content\\\/uploads\\\/2019\\\/05\\\/logo_TZ_Stari_Grad_w.png\",\"contentUrl\":\"https:\\\/\\\/www.visit-stari-grad.com\\\/wp-content\\\/uploads\\\/2019\\\/05\\\/logo_TZ_Stari_Grad_w.png\",\"width\":256,\"height\":72,\"caption\":\"Turisti\u010dka zajednica grada Staroga Grada\"},\"image\":{\"@id\":\"https:\\\/\\\/www.visit-stari-grad.com\\\/hr\\\/#\\\/schema\\\/logo\\\/image\\\/\"}}]}<\/script>\n<!-- \/ Yoast SEO plugin. -->","yoast_head_json":{"title":"Mali grad Faros - TZ Stari Grad Otok Hvar","robots":{"index":"index","follow":"follow","max-snippet":"max-snippet:-1","max-image-preview":"max-image-preview:large","max-video-preview":"max-video-preview:-1"},"canonical":"https:\/\/www.visit-stari-grad.com\/hr\/sto-ciniti\/aktivnosti-za-djecu\/mali-grad-faros-2\/","og_locale":"hr_HR","og_type":"article","og_title":"Mali grad Faros - TZ Stari Grad Otok Hvar","og_description":"Mali Grad Faros Mali grad Faros ljetni je dje\u010dji festival u okviru kojeg djeca mogu u\u017eivati u kreativnim radionicama koje vodi i organizira na\u0161 popularni glumac Kristijan Kiki Ugrina. Ljubav prema Starom Gradu i djeci Kiki je objedinio u Festivalu koji godinama njeguje i poti\u010de dje\u010dju ma\u0161tu i kreativnost. Sadr\u017eaj radionica svakog je ljeta sve [&hellip;]","og_url":"https:\/\/www.visit-stari-grad.com\/hr\/sto-ciniti\/aktivnosti-za-djecu\/mali-grad-faros-2\/","og_site_name":"TZ Stari Grad Otok Hvar","article_modified_time":"2020-03-18T18:51:27+00:00","og_image":[{"url":"https:\/\/www.visit-stari-grad.com\/wp-content\/uploads\/elementor\/thumbs\/festivali2019-12-ol2cs0dvn60x0hqh0iixqlki02w8tvhh6abog38ujk.jpg","type":"","width":"","height":""}],"twitter_card":"summary_large_image","twitter_misc":{"Procijenjeno vrijeme \u010ditanja":"1 minuta"},"schema":{"@context":"https:\/\/schema.org","@graph":[{"@type":"WebPage","@id":"https:\/\/www.visit-stari-grad.com\/hr\/sto-ciniti\/aktivnosti-za-djecu\/mali-grad-faros-2\/","url":"https:\/\/www.visit-stari-grad.com\/hr\/sto-ciniti\/aktivnosti-za-djecu\/mali-grad-faros-2\/","name":"Mali grad Faros - TZ Stari Grad Otok Hvar","isPartOf":{"@id":"https:\/\/www.visit-stari-grad.com\/hr\/#website"},"primaryImageOfPage":{"@id":"https:\/\/www.visit-stari-grad.com\/hr\/sto-ciniti\/aktivnosti-za-djecu\/mali-grad-faros-2\/#primaryimage"},"image":{"@id":"https:\/\/www.visit-stari-grad.com\/hr\/sto-ciniti\/aktivnosti-za-djecu\/mali-grad-faros-2\/#primaryimage"},"thumbnailUrl":"https:\/\/www.visit-stari-grad.com\/wp-content\/uploads\/elementor\/thumbs\/festivali2019-12-ol2cs0dvn60x0hqh0iixqlki02w8tvhh6abog38ujk.jpg","datePublished":"2019-11-06T16:52:17+00:00","dateModified":"2020-03-18T18:51:27+00:00","breadcrumb":{"@id":"https:\/\/www.visit-stari-grad.com\/hr\/sto-ciniti\/aktivnosti-za-djecu\/mali-grad-faros-2\/#breadcrumb"},"inLanguage":"hr","potentialAction":[{"@type":"ReadAction","target":["https:\/\/www.visit-stari-grad.com\/hr\/sto-ciniti\/aktivnosti-za-djecu\/mali-grad-faros-2\/"]}]},{"@type":"ImageObject","inLanguage":"hr","@id":"https:\/\/www.visit-stari-grad.com\/hr\/sto-ciniti\/aktivnosti-za-djecu\/mali-grad-faros-2\/#primaryimage","url":"https:\/\/www.visit-stari-grad.com\/wp-content\/uploads\/elementor\/thumbs\/festivali2019-12-ol2cs0dvn60x0hqh0iixqlki02w8tvhh6abog38ujk.jpg","contentUrl":"https:\/\/www.visit-stari-grad.com\/wp-content\/uploads\/elementor\/thumbs\/festivali2019-12-ol2cs0dvn60x0hqh0iixqlki02w8tvhh6abog38ujk.jpg"},{"@type":"BreadcrumbList","@id":"https:\/\/www.visit-stari-grad.com\/hr\/sto-ciniti\/aktivnosti-za-djecu\/mali-grad-faros-2\/#breadcrumb","itemListElement":[{"@type":"ListItem","position":1,"name":"Po\u010detna stranica","item":"https:\/\/www.visit-stari-grad.com\/hr\/"},{"@type":"ListItem","position":2,"name":"\u0160to \u010diniti","item":"https:\/\/www.visit-stari-grad.com\/hr\/sto-ciniti\/"},{"@type":"ListItem","position":3,"name":"Aktivnosti za djecu","item":"https:\/\/www.visit-stari-grad.com\/hr\/sto-ciniti\/aktivnosti-za-djecu\/"},{"@type":"ListItem","position":4,"name":"Mali grad Faros"}]},{"@type":"WebSite","@id":"https:\/\/www.visit-stari-grad.com\/hr\/#website","url":"https:\/\/www.visit-stari-grad.com\/hr\/","name":"TZ Stari Grad Otok Hvar","description":"Dobrodo\u0161li na slu\u017ebenu web stranicu Turisti\u010dke zajednice Grada Starog Grad-a na kojoj mo\u017eete prona\u0107i sve informacije za va\u0161 savr\u0161en odmor na otoku Hvaru.","publisher":{"@id":"https:\/\/www.visit-stari-grad.com\/hr\/#organization"},"potentialAction":[{"@type":"SearchAction","target":{"@type":"EntryPoint","urlTemplate":"https:\/\/www.visit-stari-grad.com\/hr\/?s={search_term_string}"},"query-input":{"@type":"PropertyValueSpecification","valueRequired":true,"valueName":"search_term_string"}}],"inLanguage":"hr"},{"@type":"Organization","@id":"https:\/\/www.visit-stari-grad.com\/hr\/#organization","name":"Turisti\u010dka zajednica grada Staroga Grada","url":"https:\/\/www.visit-stari-grad.com\/hr\/","logo":{"@type":"ImageObject","inLanguage":"hr","@id":"https:\/\/www.visit-stari-grad.com\/hr\/#\/schema\/logo\/image\/","url":"https:\/\/www.visit-stari-grad.com\/wp-content\/uploads\/2019\/05\/logo_TZ_Stari_Grad_w.png","contentUrl":"https:\/\/www.visit-stari-grad.com\/wp-content\/uploads\/2019\/05\/logo_TZ_Stari_Grad_w.png","width":256,"height":72,"caption":"Turisti\u010dka zajednica grada Staroga Grada"},"image":{"@id":"https:\/\/www.visit-stari-grad.com\/hr\/#\/schema\/logo\/image\/"}}]}},"_links":{"self":[{"href":"https:\/\/www.visit-stari-grad.com\/hr\/wp-json\/wp\/v2\/pages\/3876","targetHints":{"allow":["GET"]}}],"collection":[{"href":"https:\/\/www.visit-stari-grad.com\/hr\/wp-json\/wp\/v2\/pages"}],"about":[{"href":"https:\/\/www.visit-stari-grad.com\/hr\/wp-json\/wp\/v2\/types\/page"}],"author":[{"embeddable":true,"href":"https:\/\/www.visit-stari-grad.com\/hr\/wp-json\/wp\/v2\/users\/1"}],"replies":[{"embeddable":true,"href":"https:\/\/www.visit-stari-grad.com\/hr\/wp-json\/wp\/v2\/comments?post=3876"}],"version-history":[{"count":0,"href":"https:\/\/www.visit-stari-grad.com\/hr\/wp-json\/wp\/v2\/pages\/3876\/revisions"}],"up":[{"embeddable":true,"href":"https:\/\/www.visit-stari-grad.com\/hr\/wp-json\/wp\/v2\/pages\/329"}],"wp:attachment":[{"href":"https:\/\/www.visit-stari-grad.com\/hr\/wp-json\/wp\/v2\/media?parent=3876"}],"curies":[{"name":"wp","href":"https:\/\/api.w.org\/{rel}","templated":true}]}}